{"id":3579,"date":"2017-11-11T16:08:07","date_gmt":"2017-11-11T15:08:07","guid":{"rendered":"https:\/\/www.medikayl.lu\/zahnmedizin\/"},"modified":"2025-07-10T14:06:53","modified_gmt":"2025-07-10T12:06:53","slug":"zahnmedizin","status":"publish","type":"page","link":"https:\/\/www.medikayl.lu\/de\/zahnmedizin\/","title":{"rendered":"Zahnmedizin"},"content":{"rendered":"<p>[vc_row rt_row_background_width=&#8220;fullwidth&#8220; rt_row_content_width=&#8220;default&#8220; rt_row_style=&#8220;default-style&#8220; rt_row_borders=&#8220;&#8220; rt_row_shadows=&#8220;&#8220; rt_row_paddings=&#8220;true&#8220; rt_bg_effect=&#8220;classic&#8220; rt_bg_image_repeat=&#8220;repeat&#8220; rt_bg_size=&#8220;cover&#8220; rt_bg_position=&#8220;right top&#8220; rt_bg_attachment=&#8220;scroll&#8220; rt_bg_video_format=&#8220;self-hosted&#8220; rt_padding_top=&#8220;40&#8243; rt_padding_bottom=&#8220;40&#8243;][vc_column rt_column_shadow=&#8220;&#8220; rt_bg_image_repeat=&#8220;repeat&#8220; rt_bg_size=&#8220;auto auto&#8220; rt_bg_attachment=&#8220;scroll&#8220;][vc_column_text]<\/p>\n<p style=\"text-align: center;\">Dr. Birsena DERVISEVIC und Dr. Olivier SEURET praktizieren in der Zahnarztpraxis im \u00c4rztehaus. Sie werden von Ana und N\u00e9lia unterst\u00fctzt.<\/p>\n<p style=\"text-align: center;\">Die Kanzlei ist Teil der Gruppe <b><a href=\"https:\/\/www.dr-george-et-associes.lu\/\">Dr. Georges und Partner <\/a><\/b>.<\/p>\n<p>[\/vc_column_text][\/vc_column][\/vc_row][vc_row rt_row_background_width=&#8220;fullwidth&#8220; rt_row_content_width=&#8220;default&#8220; rt_row_style=&#8220;default-style&#8220; rt_row_borders=&#8220;&#8220; rt_row_shadows=&#8220;&#8220; rt_row_paddings=&#8220;true&#8220; rt_bg_effect=&#8220;classic&#8220; rt_bg_image_repeat=&#8220;repeat&#8220; rt_bg_size=&#8220;cover&#8220; rt_bg_position=&#8220;right top&#8220; rt_bg_attachment=&#8220;scroll&#8220; rt_bg_video_format=&#8220;self-hosted&#8220; rt_padding_bottom=&#8220;20&#8243; rt_bg_color=&#8220;#ffffff&#8220; rt_padding_top=&#8220;80&#8243;][vc_column rt_column_shadow=&#8220;&#8220; rt_bg_image_repeat=&#8220;repeat&#8220; rt_bg_size=&#8220;auto auto&#8220; rt_bg_attachment=&#8220;scroll&#8220;][vc_column_text]<\/p>\n<h2>Dr. Birsena DERVISEVIC<\/h2>\n<p>[\/vc_column_text][\/vc_column][\/vc_row][vc_row rt_row_background_width=&#8220;fullwidth&#8220; rt_row_content_width=&#8220;default&#8220; rt_row_style=&#8220;default-style&#8220; rt_row_borders=&#8220;&#8220; rt_row_shadows=&#8220;&#8220; rt_row_paddings=&#8220;true&#8220; rt_bg_effect=&#8220;classic&#8220; rt_bg_image_repeat=&#8220;repeat&#8220; rt_bg_size=&#8220;cover&#8220; rt_bg_position=&#8220;right top&#8220; rt_bg_attachment=&#8220;scroll&#8220; rt_bg_video_format=&#8220;self-hosted&#8220; rt_bg_color=&#8220;#ffffff&#8220; rt_padding_top=&#8220;20&#8243; rt_padding_bottom=&#8220;40&#8243;][vc_column width=&#8220;1\/4&#8243; rt_column_shadow=&#8220;&#8220; rt_bg_image_repeat=&#8220;repeat&#8220; rt_bg_size=&#8220;auto auto&#8220; rt_bg_attachment=&#8220;scroll&#8220;][vc_single_image image=&#8220;3106&#8243; img_size=&#8220;full&#8220;][\/vc_column][vc_column width=&#8220;3\/4&#8243; rt_column_shadow=&#8220;&#8220; rt_bg_image_repeat=&#8220;repeat&#8220; rt_bg_size=&#8220;auto auto&#8220; rt_bg_attachment=&#8220;scroll&#8220;][vc_column_text]<\/p>\n<ul>\n<li>Doktor der Zahnheilkunde<\/li>\n<li>Diplom der Fakult\u00e4t f\u00fcr Zahn\u00e4rztliche Chirurgie in Nancy, Frankreich<\/li>\n<li>D.U. f\u00fcr \u00c4sthetik des L\u00e4chelns, Stra\u00dfburg, Frankreich<\/li>\n<li>C.E.S. de Proth\u00e8se Fix\u00e9e, Nancy, Frankreich<\/li>\n<\/ul>\n<p>[\/vc_column_text][\/vc_column][\/vc_row][vc_row rt_row_background_width=&#8220;fullwidth&#8220; rt_row_content_width=&#8220;default&#8220; rt_row_style=&#8220;default-style&#8220; rt_row_borders=&#8220;&#8220; rt_row_shadows=&#8220;&#8220; rt_row_paddings=&#8220;true&#8220; rt_bg_effect=&#8220;classic&#8220; rt_bg_image_repeat=&#8220;repeat&#8220; rt_bg_size=&#8220;cover&#8220; rt_bg_position=&#8220;right top&#8220; rt_bg_attachment=&#8220;scroll&#8220; rt_bg_video_format=&#8220;self-hosted&#8220; rt_padding_bottom=&#8220;20&#8243; rt_bg_color=&#8220;#ffffff&#8220; rt_padding_top=&#8220;40&#8243;][vc_column rt_column_shadow=&#8220;&#8220; rt_bg_image_repeat=&#8220;repeat&#8220; rt_bg_size=&#8220;auto auto&#8220; rt_bg_attachment=&#8220;scroll&#8220;][vc_column_text]<\/p>\n<h2>Dr. Olivier SEURET<\/h2>\n<p>[\/vc_column_text][\/vc_column][\/vc_row][vc_row rt_row_background_width=&#8220;fullwidth&#8220; rt_row_content_width=&#8220;default&#8220; rt_row_style=&#8220;default-style&#8220; rt_row_borders=&#8220;&#8220; rt_row_shadows=&#8220;&#8220; rt_row_paddings=&#8220;true&#8220; rt_bg_effect=&#8220;classic&#8220; rt_bg_image_repeat=&#8220;repeat&#8220; rt_bg_size=&#8220;cover&#8220; rt_bg_position=&#8220;right top&#8220; rt_bg_attachment=&#8220;scroll&#8220; rt_bg_video_format=&#8220;self-hosted&#8220; rt_bg_color=&#8220;#ffffff&#8220; rt_padding_top=&#8220;20&#8243; rt_padding_bottom=&#8220;40&#8243;][vc_column width=&#8220;1\/4&#8243; rt_column_shadow=&#8220;&#8220; rt_bg_image_repeat=&#8220;repeat&#8220; rt_bg_size=&#8220;auto auto&#8220; rt_bg_attachment=&#8220;scroll&#8220;][vc_single_image image=&#8220;3101&#8243; img_size=&#8220;full&#8220;][\/vc_column][vc_column width=&#8220;3\/4&#8243; rt_column_shadow=&#8220;&#8220; rt_bg_image_repeat=&#8220;repeat&#8220; rt_bg_size=&#8220;auto auto&#8220; rt_bg_attachment=&#8220;scroll&#8220;][vc_column_text]<\/p>\n<ul>\n<li>Doktor der Zahnheilkunde<\/li>\n<li>Diplom der Fakult\u00e4t f\u00fcr Zahnchirurgie in Nancy, Frankreich<\/li>\n<li>D.U. f\u00fcr \u00c4sthetik des L\u00e4chelns, Stra\u00dfburg, Frankreich<\/li>\n<li>C.E.S. f\u00fcr abnehmbare Voll- und Teilprothese, Paris VII, Frankreich<\/li>\n<li>C.E.S. de Proth\u00e8se Fix\u00e9e, Nancy, Frankreich<\/li>\n<li>Ehemaliger Assistenzarzt am Centre de Soins, d&#8217;Enseignement et de Recherche Dentaires, Section Proth\u00e8se, Nancy, Frankreich<\/li>\n<\/ul>\n<p>[\/vc_column_text][\/vc_column][\/vc_row][vc_row rt_row_background_width=&#8220;fullwidth&#8220; rt_row_content_width=&#8220;default&#8220; rt_row_style=&#8220;default-style&#8220; rt_row_borders=&#8220;&#8220; rt_row_shadows=&#8220;&#8220; rt_row_paddings=&#8220;true&#8220; rt_bg_effect=&#8220;classic&#8220; rt_bg_image_repeat=&#8220;repeat&#8220; rt_bg_size=&#8220;cover&#8220; rt_bg_position=&#8220;right top&#8220; rt_bg_attachment=&#8220;scroll&#8220; rt_bg_video_format=&#8220;self-hosted&#8220; rt_padding_bottom=&#8220;20&#8243; rt_bg_color=&#8220;#ffffff&#8220; rt_padding_top=&#8220;40&#8243;][vc_column rt_column_shadow=&#8220;&#8220; rt_bg_image_repeat=&#8220;repeat&#8220; rt_bg_size=&#8220;auto auto&#8220; rt_bg_attachment=&#8220;scroll&#8220;][vc_column_text]<\/p>\n<h2>Ana und N\u00e9lia, Zahnarzthelferinnen<\/h2>\n<p>[\/vc_column_text][\/vc_column][\/vc_row][vc_row rt_row_background_width=&#8220;fullwidth&#8220; rt_row_content_width=&#8220;default&#8220; rt_row_style=&#8220;default-style&#8220; rt_row_borders=&#8220;&#8220; rt_row_shadows=&#8220;&#8220; rt_row_paddings=&#8220;true&#8220; rt_bg_effect=&#8220;classic&#8220; rt_bg_image_repeat=&#8220;repeat&#8220; rt_bg_size=&#8220;cover&#8220; rt_bg_position=&#8220;right top&#8220; rt_bg_attachment=&#8220;scroll&#8220; rt_bg_video_format=&#8220;self-hosted&#8220; rt_bg_color=&#8220;#ffffff&#8220;][vc_column width=&#8220;1\/4&#8243; rt_column_shadow=&#8220;&#8220; rt_bg_image_repeat=&#8220;repeat&#8220; rt_bg_size=&#8220;auto auto&#8220; rt_bg_attachment=&#8220;scroll&#8220;][vc_single_image image=&#8220;3105&#8243; img_size=&#8220;full&#8220;][\/vc_column][vc_column width=&#8220;1\/4&#8243; rt_column_shadow=&#8220;&#8220; rt_bg_image_repeat=&#8220;repeat&#8220; rt_bg_size=&#8220;auto auto&#8220; rt_bg_attachment=&#8220;scroll&#8220;][vc_single_image image=&#8220;3104&#8243; img_size=&#8220;full&#8220;][\/vc_column][vc_column width=&#8220;1\/4&#8243; rt_column_shadow=&#8220;&#8220; rt_bg_image_repeat=&#8220;repeat&#8220; rt_bg_size=&#8220;auto auto&#8220; rt_bg_attachment=&#8220;scroll&#8220;][\/vc_column][vc_column width=&#8220;1\/4&#8243; rt_column_shadow=&#8220;&#8220; rt_bg_image_repeat=&#8220;repeat&#8220; rt_bg_size=&#8220;auto auto&#8220; rt_bg_attachment=&#8220;scroll&#8220;][\/vc_column][\/vc_row][vc_row rt_row_background_width=&#8220;fullwidth&#8220; rt_row_content_width=&#8220;default&#8220; rt_row_style=&#8220;default-style&#8220; rt_row_borders=&#8220;&#8220; rt_row_shadows=&#8220;&#8220; rt_row_paddings=&#8220;true&#8220; rt_bg_effect=&#8220;classic&#8220; rt_bg_image_repeat=&#8220;repeat&#8220; rt_bg_size=&#8220;cover&#8220; rt_bg_position=&#8220;right top&#8220; rt_bg_attachment=&#8220;scroll&#8220; rt_bg_video_format=&#8220;self-hosted&#8220; rt_padding_bottom=&#8220;20&#8243; rt_bg_color=&#8220;#ffffff&#8220; rt_padding_top=&#8220;40&#8243;][vc_column rt_column_shadow=&#8220;&#8220; rt_bg_image_repeat=&#8220;repeat&#8220; rt_bg_size=&#8220;auto auto&#8220; rt_bg_attachment=&#8220;scroll&#8220;][vc_column_text]<\/p>\n<h2>Behandlungen<\/h2>\n<p>[\/vc_column_text][vc_column_text css=&#8220;.vc_custom_1658216897076{padding-top: 20px !important;}&#8220;]<\/p>\n<ul>\n<li>Klassische Behandlungen (Karies, Devitalisierungen, &#8230;)<\/li>\n<li>Vollst\u00e4ndige Rehabilitation mit Zahnersatz auf nat\u00fcrlichen Z\u00e4hnen oder auf Implantaten<\/li>\n<li>Oralchirurgie<\/li>\n<li>Pr\u00e4vention und Mundgesundheit<\/li>\n<li>\u00c4sthetische Behandlungen<\/li>\n<\/ul>\n<p>[\/vc_column_text][\/vc_column][\/vc_row][vc_row rt_row_background_width=&#8220;fullwidth&#8220; rt_row_content_width=&#8220;default&#8220; rt_row_style=&#8220;default-style&#8220; rt_row_borders=&#8220;&#8220; rt_row_shadows=&#8220;&#8220; rt_row_paddings=&#8220;true&#8220; rt_bg_effect=&#8220;classic&#8220; rt_bg_image_repeat=&#8220;repeat&#8220; rt_bg_size=&#8220;cover&#8220; rt_bg_position=&#8220;right top&#8220; rt_bg_attachment=&#8220;scroll&#8220; rt_bg_video_format=&#8220;self-hosted&#8220; rt_padding_bottom=&#8220;20&#8243; rt_bg_color=&#8220;#ffffff&#8220; rt_padding_top=&#8220;40&#8243;][vc_column rt_column_shadow=&#8220;&#8220; rt_bg_image_repeat=&#8220;repeat&#8220; rt_bg_size=&#8220;auto auto&#8220; rt_bg_attachment=&#8220;scroll&#8220;][vc_column_text]<\/p>\n<h2>\u00d6ffnungszeiten &amp; Kontakt<\/h2>\n<p>[\/vc_column_text][vc_column_text css=&#8220;.vc_custom_1658397106735{padding-top: 20px !important;}&#8220;]Die Zahnarztpraxis empf\u00e4ngt Sie montags bis freitags von 8.00 bis 17.30 Uhr. Sie befindet sich in der dritten und letzten Etage des M E D I + K A Y L (roter Eingang).<\/p>\n<p>Um einen Termin zu vereinbaren, wenden Sie sich bitte an das Telefonsekretariat unter <b>(+352) 20 20 36 31<\/b> von 8.00 bis 12.00 Uhr und von 13.00 bis 18.00 Uhr.[\/vc_column_text][\/vc_column][\/vc_row][vc_row rt_row_background_width=&#8220;fullwidth&#8220; rt_row_content_width=&#8220;default&#8220; rt_row_style=&#8220;default-style&#8220; rt_row_borders=&#8220;&#8220; rt_row_shadows=&#8220;&#8220; rt_row_paddings=&#8220;true&#8220; rt_bg_effect=&#8220;classic&#8220; rt_bg_image_repeat=&#8220;repeat&#8220; rt_bg_size=&#8220;cover&#8220; rt_bg_position=&#8220;right top&#8220; rt_bg_attachment=&#8220;scroll&#8220; rt_bg_video_format=&#8220;self-hosted&#8220; rt_bg_color=&#8220;#ffffff&#8220;][vc_column width=&#8220;4\/12&#8243; rt_column_shadow=&#8220;&#8220; rt_bg_image_repeat=&#8220;repeat&#8220; rt_bg_size=&#8220;auto auto&#8220; rt_bg_attachment=&#8220;scroll&#8220;][vc_single_image image=&#8220;3107&#8243; img_size=&#8220;full&#8220; css=&#8220;.vc_custom_1663673969579{margin-bottom: 37px !important;}&#8220;][vc_single_image image=&#8220;3194&#8243; img_size=&#8220;full&#8220;][\/vc_column][vc_column width=&#8220;4\/12&#8243; rt_column_shadow=&#8220;&#8220; rt_bg_image_repeat=&#8220;repeat&#8220; rt_bg_size=&#8220;auto auto&#8220; rt_bg_attachment=&#8220;scroll&#8220;][vc_single_image image=&#8220;3109&#8243; img_size=&#8220;full&#8220;][\/vc_column][vc_column width=&#8220;4\/12&#8243; rt_column_shadow=&#8220;&#8220; rt_bg_image_repeat=&#8220;repeat&#8220; rt_bg_size=&#8220;auto auto&#8220; rt_bg_attachment=&#8220;scroll&#8220;][vc_single_image image=&#8220;3111&#8243; img_size=&#8220;full&#8220;][\/vc_column][\/vc_row]<\/p>\n","protected":false},"excerpt":{"rendered":"<p>[vc_row rt_row_background_width=&#8220;fullwidth&#8220; rt_row_content_width=&#8220;default&#8220; rt_row_style=&#8220;default-style&#8220; rt_row_borders=&#8220;&#8220; rt_row_shadows=&#8220;&#8220; rt_row_paddings=&#8220;true&#8220; rt_bg_effect=&#8220;classic&#8220; rt_bg_image_repeat=&#8220;repeat&#8220; rt_bg_size=&#8220;cover&#8220; rt_bg_position=&#8220;right top&#8220; rt_bg_attachment=&#8220;scroll&#8220; rt_bg_video_format=&#8220;self-hosted&#8220; rt_padding_top=&#8220;40&#8243; rt_padding_bottom=&#8220;40&#8243;][vc_column rt_column_shadow=&#8220;&#8220; rt_bg_image_repeat=&#8220;repeat&#8220; rt_bg_size=&#8220;auto auto&#8220; rt_bg_attachment=&#8220;scroll&#8220;][vc_column_text] Dr. Birsena DERVISEVIC und Dr. Olivier SEURET praktizieren in der Zahnarztpraxis im \u00c4rztehaus. Sie werden von Ana und N\u00e9lia unterst\u00fctzt. Die Kanzlei ist Teil der Gruppe Dr. Georges und Partner . [\/vc_column_text][\/vc_column][\/vc_row][vc_row rt_row_background_width=&#8220;fullwidth&#8220; rt_row_content_width=&#8220;default&#8220; &#8230; <a class=\"more-link\" href=\"https:\/\/www.medikayl.lu\/de\/zahnmedizin\/\">Continue reading<\/a><\/p>\n","protected":false},"author":2,"featured_media":0,"parent":0,"menu_order":2,"comment_status":"closed","ping_status":"closed","template":"","meta":{"footnotes":""},"class_list":["post-3579","page","type-page","status-publish","hentry"],"_links":{"self":[{"href":"https:\/\/www.medikayl.lu\/de\/wp-json\/wp\/v2\/pages\/3579","targetHints":{"allow":["GET"]}}],"collection":[{"href":"https:\/\/www.medikayl.lu\/de\/wp-json\/wp\/v2\/pages"}],"about":[{"href":"https:\/\/www.medikayl.lu\/de\/wp-json\/wp\/v2\/types\/page"}],"author":[{"embeddable":true,"href":"https:\/\/www.medikayl.lu\/de\/wp-json\/wp\/v2\/users\/2"}],"replies":[{"embeddable":true,"href":"https:\/\/www.medikayl.lu\/de\/wp-json\/wp\/v2\/comments?post=3579"}],"version-history":[{"count":6,"href":"https:\/\/www.medikayl.lu\/de\/wp-json\/wp\/v2\/pages\/3579\/revisions"}],"predecessor-version":[{"id":3691,"href":"https:\/\/www.medikayl.lu\/de\/wp-json\/wp\/v2\/pages\/3579\/revisions\/3691"}],"wp:attachment":[{"href":"https:\/\/www.medikayl.lu\/de\/wp-json\/wp\/v2\/media?parent=3579"}],"curies":[{"name":"wp","href":"https:\/\/api.w.org\/{rel}","templated":true}]}}