{"id":3567,"date":"2017-11-11T16:08:29","date_gmt":"2017-11-11T15:08:29","guid":{"rendered":"https:\/\/www.medikayl.lu\/allgemeine-medizin\/"},"modified":"2025-07-16T11:44:22","modified_gmt":"2025-07-16T09:44:22","slug":"allgemeine-medizin","status":"publish","type":"page","link":"https:\/\/www.medikayl.lu\/de\/allgemeine-medizin\/","title":{"rendered":"Allgemeine Medizin"},"content":{"rendered":"<p>[vc_row rt_row_background_width=&#8220;fullwidth&#8220; rt_row_content_width=&#8220;default&#8220; rt_row_style=&#8220;default-style&#8220; rt_row_borders=&#8220;&#8220; rt_row_shadows=&#8220;&#8220; rt_row_paddings=&#8220;true&#8220; rt_bg_effect=&#8220;classic&#8220; rt_bg_image_repeat=&#8220;repeat&#8220; rt_bg_size=&#8220;cover&#8220; rt_bg_position=&#8220;right top&#8220; rt_bg_attachment=&#8220;scroll&#8220; rt_bg_video_format=&#8220;self-hosted&#8220; rt_bg_color=&#8220;#ffffff&#8220;][vc_column width=&#8220;1\/2&#8243; rt_column_shadow=&#8220;&#8220; rt_bg_image_repeat=&#8220;repeat&#8220; rt_bg_size=&#8220;auto auto&#8220; rt_bg_attachment=&#8220;scroll&#8220; rt_padding_right=&#8220;25px&#8220; rt_bg_color=&#8220;&#8220; rt_bg_overlay_color=&#8220;&#8220;][vc_column_text]<\/p>\n<h2>Herzlich willkommen im Centre MEDI+KAYL<\/h2>\n<p>Derzeit arbeiten hier 5 Allgemeinmediziner\/Internisten von Montag bis Freitag. Auch Samstag vormittag ist mindestens ein Arzt vor Ort.<\/p>\n<p>Die Praxis befindet sich im ersten Stock des Geb\u00e4ude und ist rollstuhlgerecht.<\/p>\n<p>Ein kostenloser Parkplatz steht hinter dem Geb\u00e4ude zur Verf\u00fcgung.<\/p>\n<p>Adresse: 31 Rue Neuve, 3781 T\u00e9tange\/Kayl<br \/>\nTelefonnummer : <a href=\"Tel:+352%2026%2056%2006%2080\"><strong>+352 26 56 06 80<\/strong><\/a><\/p>\n<p>E-Mail-Adresse der Praxis (zur Anforderung von Informationen oder zur Verl\u00e4ngerung eines Rezepts): <a href=\"mailto:centre.med.kayl@outlook.com\">centre.med.kayl@outlook.com<\/a>[\/vc_column_text][\/vc_column][vc_column width=&#8220;1\/2&#8243; rt_column_shadow=&#8220;&#8220; rt_bg_image_repeat=&#8220;repeat&#8220; rt_bg_size=&#8220;auto auto&#8220; rt_bg_attachment=&#8220;scroll&#8220; rt_padding_left=&#8220;25px&#8220; rt_bg_color=&#8220;&#8220; rt_bg_overlay_color=&#8220;&#8220;][vc_single_image image=&#8220;3219&#8243; img_size=&#8220;large&#8220;][\/vc_column][\/vc_row][vc_row rt_row_background_width=&#8220;fullwidth&#8220; rt_row_content_width=&#8220;default&#8220; rt_row_style=&#8220;default-style&#8220; rt_row_borders=&#8220;&#8220; rt_row_shadows=&#8220;&#8220; rt_row_paddings=&#8220;true&#8220; rt_bg_effect=&#8220;classic&#8220; rt_bg_image_repeat=&#8220;repeat&#8220; rt_bg_size=&#8220;cover&#8220; rt_bg_position=&#8220;right top&#8220; rt_bg_attachment=&#8220;scroll&#8220; rt_bg_video_format=&#8220;self-hosted&#8220; rt_bg_color=&#8220;#ffffff&#8220;][vc_column width=&#8220;1\/2&#8243; rt_column_shadow=&#8220;&#8220; rt_bg_image_repeat=&#8220;repeat&#8220; rt_bg_size=&#8220;auto auto&#8220; rt_bg_attachment=&#8220;scroll&#8220;][vc_column_text]<\/p>\n<h2>\u00d6ffnungszeiten des Sekretariats<\/h2>\n<ul>\n<li>Montag bis Freitag: 7:00 -19:00 Uhr<\/li>\n<li>Samstag: 8:30 \u2013 12:00 Uhr<\/li>\n<\/ul>\n<p>Eine Terminvereinbarung ist <strong><u>erforderlich<\/u><\/strong>. Termine f\u00fcr dringende F\u00e4lle\/Notf\u00e4lle taggleich k\u00f6nnen je nach Verf\u00fcgbarkeit \u00fcber das Sekretariat telefonisch vereinbart werden. <\/p>\n<p>Akzeptierte Zahlungsmethoden: Bancomatkarte und Barzahlung. Das System f\u00fcr die Sofortzahlung (PID) ist in der Praxis installiert. <\/p>\n<p>Neue Patienten sind willkommen.[\/vc_column_text][\/vc_column][vc_column width=&#8220;1\/2&#8243; rt_column_shadow=&#8220;&#8220; rt_bg_image_repeat=&#8220;repeat&#8220; rt_bg_size=&#8220;auto auto&#8220; rt_bg_attachment=&#8220;scroll&#8220;][vc_single_image image=&#8220;3295&#8243; img_size=&#8220;large&#8220;][\/vc_column][\/vc_row][vc_row rt_row_background_width=&#8220;fullwidth&#8220; rt_row_content_width=&#8220;default&#8220; rt_row_style=&#8220;default-style&#8220; rt_row_borders=&#8220;&#8220; rt_row_shadows=&#8220;&#8220; rt_row_paddings=&#8220;true&#8220; rt_bg_effect=&#8220;classic&#8220; rt_bg_image_repeat=&#8220;repeat&#8220; rt_bg_size=&#8220;cover&#8220; rt_bg_position=&#8220;right top&#8220; rt_bg_attachment=&#8220;scroll&#8220; rt_bg_video_format=&#8220;self-hosted&#8220; rt_bg_color=&#8220;#ffffff&#8220;][vc_column rt_column_shadow=&#8220;&#8220; rt_bg_image_repeat=&#8220;repeat&#8220; rt_bg_size=&#8220;auto auto&#8220; rt_bg_attachment=&#8220;scroll&#8220; rt_padding_top=&#8220;10px&#8220; rt_bg_color=&#8220;&#8220; rt_bg_overlay_color=&#8220;&#8220;][vc_column_text]<\/p>\n<h3>Kompetenzen und Fachgebiete in der Praxis:<\/h3>\n<ul>\n<li>Allgemeinmedizin: Regelm\u00e4\u00dfige Gesundheitskontrollen, Betreuung h\u00e4ufiger Krankheitsbilder und chronischer Erkrankungen (z.\u202fB. Diabetes, Bluthochdruck), Sportmedizin, Elektrokardiogramm (EKG)<\/li>\n<li>Pr\u00e4ventivmedizin: Gesundheits-Checkups, Vorsorgeuntersuchungen, Beratung zu Lebensstil und Krankheitspr\u00e4vention, allgemeine Impfungen sowie Reiseimpfungen<\/li>\n<li>Prim\u00e4rversorgung: Konsultationen bei akuten Symptomen, Behandlung leichter Notf\u00e4lle u.\u202f\u00c4.<\/li>\n<li>Allgemeine P\u00e4diatrie<a href=\"https:\/\/www.medikayl.lu\/team\/dr-danielle-samou\/\">(Dr. SAMOU<\/a> und <a href=\"https:\/\/www.medikayl.lu\/team\/dr-jean-pascal-isler\/\">Dr. ISLER<\/a>): Betreuung von Kindern von der Geburt bis zur Adoleszenz, Durchf\u00fchrung von Routineuntersuchungen (Wachstumskontrolle, Impfungen, Gesundheitschecks), Diagnose und Behandlung von h\u00e4ufigen Kinderkrankheiten und -infektionen.<\/li>\n<li>H\u00f6rscreening zur Fr\u00fcherkennung von H\u00f6rst\u00f6rungen<\/li>\n<li>Medizinische Kryotherapie (nicht \u00e4sthetisch): Behandlung von Warzen und gutartigen Hautver\u00e4nderungen<\/li>\n<li>Echokardiographie (Dr. Lahier), Ultraschall des Bewegungsapparates<a href=\"https:\/\/www.medikayl.lu\/team\/dr-claude-brunsfeld\/\">(Dr. Brunsfeld<\/a>), Ultraschall der Halsschlagader<a href=\"https:\/\/www.medikayl.lu\/team\/dr-martine-lahier\/\">(<\/a>Dr<a href=\"https:\/\/www.medikayl.lu\/team\/dr-martine-lahier\/\">. LAHIER<\/a>), Ultraschall des Abdomens(Dr. LAHIER), Ultraschall der Schilddr\u00fcse<a href=\"https:\/\/www.medikayl.lu\/team\/dr-martine-lahier\/\">(<\/a>Dr. LAHIER)<\/li>\n<li>Medizinische Infiltrationen<a href=\"https:\/\/www.medikayl.lu\/team\/dr-claude-brunsfeld\/\">(Dr. Brunsfeld<\/a>)<\/li>\n<li>24-Stunden-Blutdruckmessung (Langzeit-Holter)<\/li>\n<\/ul>\n<p>[\/vc_column_text][\/vc_column][\/vc_row][vc_row rt_row_background_width=&#8220;fullwidth&#8220; rt_row_content_width=&#8220;default&#8220; rt_row_style=&#8220;default-style&#8220; rt_row_borders=&#8220;&#8220; rt_row_shadows=&#8220;&#8220; rt_row_paddings=&#8220;true&#8220; rt_bg_effect=&#8220;classic&#8220; rt_bg_image_repeat=&#8220;repeat&#8220; rt_bg_size=&#8220;cover&#8220; rt_bg_position=&#8220;right top&#8220; rt_bg_attachment=&#8220;scroll&#8220; rt_bg_video_format=&#8220;self-hosted&#8220; rt_bg_color=&#8220;#ffffff&#8220;][vc_column rt_column_shadow=&#8220;&#8220; rt_bg_image_repeat=&#8220;repeat&#8220; rt_bg_size=&#8220;auto auto&#8220; rt_bg_attachment=&#8220;scroll&#8220;][vc_column_text]<\/p>\n<h2>Unser medizinisches Team<\/h2>\n<p>[\/vc_column_text][\/vc_column][\/vc_row][vc_row rt_row_background_width=&#8220;fullwidth&#8220; rt_row_content_width=&#8220;default&#8220; rt_row_style=&#8220;default-style&#8220; rt_row_borders=&#8220;&#8220; rt_row_shadows=&#8220;&#8220; rt_row_paddings=&#8220;true&#8220; rt_bg_effect=&#8220;classic&#8220; rt_bg_image_repeat=&#8220;repeat&#8220; rt_bg_size=&#8220;cover&#8220; rt_bg_position=&#8220;right top&#8220; rt_bg_attachment=&#8220;scroll&#8220; rt_bg_video_format=&#8220;self-hosted&#8220; rt_bg_color=&#8220;#ffffff&#8220;][vc_column rt_column_shadow=&#8220;&#8220; rt_bg_image_repeat=&#8220;repeat&#8220; rt_bg_size=&#8220;auto auto&#8220; rt_bg_attachment=&#8220;scroll&#8220; rt_bg_color=&#8220;&#8220; rt_bg_overlay_color=&#8220;&#8220;]<section id=\"staff-242419\" class=\"team clearfix  \"><div class=\"row clearfix\"><div class=\"col col-sm-2\">\n\n \n<div class=\"loop no-hover post-3632 staff type-staff status-publish has-post-thumbnail hentry\" id=\"person-3632\">\t\n\t<div class=\"person_image\">\n\t\t\t\n\t\t<div class=\"person_image_wrapper\">\n\t\t\t\n\t\t\t\t\t\t\t<a href=\"https:\/\/www.medikayl.lu\/de\/team\/dr-claude-brunsfeld\/\"><img decoding=\"async\" src=\"https:\/\/www.medikayl.lu\/wp-content\/uploads\/2025\/07\/dr-claude-brunsfeld.jpg\" alt=\"\" class=\"\" \/><\/a>\n\t\t\t\t\t\t\n\t\t<\/div>\n\t\t \n\t<\/div>\n\t\n\t\t\t<h5 class=\"person_name\"><a href=\"https:\/\/www.medikayl.lu\/de\/team\/dr-claude-brunsfeld\/\">Dr. Claude Brunsfeld<\/a><\/h5>\n\t\n\t\t\t<span class=\"position\">Facharzt f\u00fcr Allgemeinmedizin<\/span>\n\t\n\t<div class=\"profile\">\n\t\t\t<\/div> \n\n<\/div><\/div>\n<div class=\"col col-sm-2\">\n\n \n<div class=\"loop no-hover post-3629 staff type-staff status-publish has-post-thumbnail hentry\" id=\"person-3629\">\t\n\t<div class=\"person_image\">\n\t\t\t\n\t\t<div class=\"person_image_wrapper\">\n\t\t\t\n\t\t\t\t\t\t\t<a href=\"https:\/\/www.medikayl.lu\/de\/team\/dr-gabriele-kirsch\/\"><img decoding=\"async\" src=\"https:\/\/www.medikayl.lu\/wp-content\/uploads\/2025\/07\/dr-gabriele-kirsch-1-480x720.jpg\" alt=\"\" class=\"\" \/><\/a>\n\t\t\t\t\t\t\n\t\t<\/div>\n\t\t \n\t<\/div>\n\t\n\t\t\t<h5 class=\"person_name\"><a href=\"https:\/\/www.medikayl.lu\/de\/team\/dr-gabriele-kirsch\/\">Dr. Gabriele Kirsch<\/a><\/h5>\n\t\n\t\t\t<span class=\"position\">Fach\u00e4rztin f\u00fcr Innere Medizin und Allgemeinmedizin<\/span>\n\t\n\t<div class=\"profile\">\n\t\t\t<\/div> \n\n<\/div><\/div>\n<div class=\"col col-sm-2\">\n\n \n<div class=\"loop no-hover post-3617 staff type-staff status-publish has-post-thumbnail hentry\" id=\"person-3617\">\t\n\t<div class=\"person_image\">\n\t\t\t\n\t\t<div class=\"person_image_wrapper\">\n\t\t\t\n\t\t\t\t\t\t\t<a href=\"https:\/\/www.medikayl.lu\/de\/team\/dr-martine-lahier\/\"><img decoding=\"async\" src=\"https:\/\/www.medikayl.lu\/wp-content\/uploads\/2025\/07\/dr-martine-lahier.jpg\" alt=\"\" class=\"\" \/><\/a>\n\t\t\t\t\t\t\n\t\t<\/div>\n\t\t \n\t<\/div>\n\t\n\t\t\t<h5 class=\"person_name\"><a href=\"https:\/\/www.medikayl.lu\/de\/team\/dr-martine-lahier\/\">Dr. Martine Lahier<\/a><\/h5>\n\t\n\t\t\t<span class=\"position\">Fach\u00e4rztin f\u00fcr Innere Medizin<\/span>\n\t\n\t<div class=\"profile\">\n\t\t\t<\/div> \n\n<\/div><\/div>\n<div class=\"col col-sm-2\">\n\n \n<div class=\"loop no-hover post-3597 staff type-staff status-publish has-post-thumbnail hentry\" id=\"person-3597\">\t\n\t<div class=\"person_image\">\n\t\t\t\n\t\t<div class=\"person_image_wrapper\">\n\t\t\t\n\t\t\t\t\t\t\t<a href=\"https:\/\/www.medikayl.lu\/de\/team\/dr-jean-pascal-isler\/\"><img decoding=\"async\" src=\"https:\/\/www.medikayl.lu\/wp-content\/uploads\/2025\/07\/dr-jean-pascal-isler-480x720.jpg\" alt=\"\" class=\"\" \/><\/a>\n\t\t\t\t\t\t\n\t\t<\/div>\n\t\t \n\t<\/div>\n\t\n\t\t\t<h5 class=\"person_name\"><a href=\"https:\/\/www.medikayl.lu\/de\/team\/dr-jean-pascal-isler\/\">Dr. Jean-Pascal Isler<\/a><\/h5>\n\t\n\t\t\t<span class=\"position\">Facharzt f\u00fcr Allgemeinmedizin<\/span>\n\t\n\t<div class=\"profile\">\n\t\t\t<\/div> \n\n<\/div><\/div>\n<div class=\"col col-sm-2\">\n\n \n<div class=\"loop no-hover post-3623 staff type-staff status-publish has-post-thumbnail hentry\" id=\"person-3623\">\t\n\t<div class=\"person_image\">\n\t\t\t\n\t\t<div class=\"person_image_wrapper\">\n\t\t\t\n\t\t\t\t\t\t\t<a href=\"https:\/\/www.medikayl.lu\/de\/team\/dr-danielle-samou\/\"><img decoding=\"async\" src=\"https:\/\/www.medikayl.lu\/wp-content\/uploads\/2025\/07\/dr-danielle-samou-480x718.jpg\" alt=\"\" class=\"\" \/><\/a>\n\t\t\t\t\t\t\n\t\t<\/div>\n\t\t \n\t<\/div>\n\t\n\t\t\t<h5 class=\"person_name\"><a href=\"https:\/\/www.medikayl.lu\/de\/team\/dr-danielle-samou\/\">Dr. Danielle Samou<\/a><\/h5>\n\t\n\t\t\t<span class=\"position\">Fach\u00e4rztin f\u00fcr Allgemeinmedizin<\/span>\n\t\n\t<div class=\"profile\">\n\t\t\t<\/div> \n\n<\/div><\/div>\n<\/div><\/section><div class=\"paging_wrapper margin-t30 margin-b30\"><\/div>[\/vc_column][\/vc_row][vc_row rt_row_background_width=&#8220;fullwidth&#8220; rt_row_content_width=&#8220;default&#8220; rt_row_style=&#8220;default-style&#8220; rt_row_borders=&#8220;&#8220; rt_row_shadows=&#8220;&#8220; rt_row_paddings=&#8220;true&#8220; rt_bg_effect=&#8220;classic&#8220; rt_bg_image_repeat=&#8220;repeat&#8220; rt_bg_size=&#8220;cover&#8220; rt_bg_position=&#8220;right top&#8220; rt_bg_attachment=&#8220;scroll&#8220; rt_bg_video_format=&#8220;self-hosted&#8220; rt_bg_color=&#8220;#ffffff&#8220;][vc_column rt_column_shadow=&#8220;&#8220; rt_bg_image_repeat=&#8220;repeat&#8220; rt_bg_size=&#8220;auto auto&#8220; rt_bg_attachment=&#8220;scroll&#8220; rt_margin_top=&#8220;-30px&#8220; rt_bg_color=&#8220;&#8220; rt_bg_overlay_color=&#8220;&#8220;][vc_column_text]<\/p>\n<h2>Zusammensetzung des Sekretariats<\/h2>\n<p>[\/vc_column_text][\/vc_column][\/vc_row][vc_row rt_row_background_width=&#8220;fullwidth&#8220; rt_row_content_width=&#8220;default&#8220; rt_row_style=&#8220;default-style&#8220; rt_row_borders=&#8220;&#8220; rt_row_shadows=&#8220;&#8220; rt_row_paddings=&#8220;true&#8220; rt_bg_effect=&#8220;classic&#8220; rt_bg_image_repeat=&#8220;repeat&#8220; rt_bg_size=&#8220;cover&#8220; rt_bg_position=&#8220;right top&#8220; rt_bg_attachment=&#8220;scroll&#8220; rt_bg_video_format=&#8220;self-hosted&#8220; rt_padding_bottom=&#8220;100px&#8220; rt_bg_color=&#8220;#ffffff&#8220;][vc_column width=&#8220;1\/2&#8243; rt_column_shadow=&#8220;&#8220; rt_bg_image_repeat=&#8220;repeat&#8220; rt_bg_size=&#8220;auto auto&#8220; rt_bg_attachment=&#8220;scroll&#8220;][vc_column_text]<\/p>\n<ul>\n<li>Angelique<\/li>\n<li>Danielle<\/li>\n<li>Gina<\/li>\n<li>Esmeralda<\/li>\n<li>Claudia<\/li>\n<\/ul>\n<p>[\/vc_column_text][\/vc_column][vc_column width=&#8220;1\/2&#8243; rt_column_shadow=&#8220;&#8220; rt_bg_image_repeat=&#8220;repeat&#8220; rt_bg_size=&#8220;auto auto&#8220; rt_bg_attachment=&#8220;scroll&#8220;][vc_single_image image=&#8220;3289&#8243; img_size=&#8220;large&#8220;][\/vc_column][\/vc_row]<\/p>\n","protected":false},"excerpt":{"rendered":"<p>[vc_row rt_row_background_width=&#8220;fullwidth&#8220; rt_row_content_width=&#8220;default&#8220; rt_row_style=&#8220;default-style&#8220; rt_row_borders=&#8220;&#8220; rt_row_shadows=&#8220;&#8220; rt_row_paddings=&#8220;true&#8220; rt_bg_effect=&#8220;classic&#8220; rt_bg_image_repeat=&#8220;repeat&#8220; rt_bg_size=&#8220;cover&#8220; rt_bg_position=&#8220;right top&#8220; rt_bg_attachment=&#8220;scroll&#8220; rt_bg_video_format=&#8220;self-hosted&#8220; rt_bg_color=&#8220;#ffffff&#8220;][vc_column width=&#8220;1\/2&#8243; rt_column_shadow=&#8220;&#8220; rt_bg_image_repeat=&#8220;repeat&#8220; rt_bg_size=&#8220;auto auto&#8220; rt_bg_attachment=&#8220;scroll&#8220; rt_padding_right=&#8220;25px&#8220; rt_bg_color=&#8220;&#8220; rt_bg_overlay_color=&#8220;&#8220;][vc_column_text] Herzlich willkommen im Centre MEDI+KAYL Derzeit arbeiten hier 5 Allgemeinmediziner\/Internisten von Montag bis Freitag. Auch Samstag vormittag ist mindestens ein Arzt vor Ort. Die Praxis befindet sich im ersten Stock des &#8230; <a class=\"more-link\" href=\"https:\/\/www.medikayl.lu\/de\/team\/dr-danielle-samou\/\">Continue reading<\/a><\/p>\n","protected":false},"author":2,"featured_media":0,"parent":0,"menu_order":1,"comment_status":"closed","ping_status":"closed","template":"","meta":{"footnotes":""},"class_list":["post-3567","page","type-page","status-publish","hentry"],"_links":{"self":[{"href":"https:\/\/www.medikayl.lu\/de\/wp-json\/wp\/v2\/pages\/3567","targetHints":{"allow":["GET"]}}],"collection":[{"href":"https:\/\/www.medikayl.lu\/de\/wp-json\/wp\/v2\/pages"}],"about":[{"href":"https:\/\/www.medikayl.lu\/de\/wp-json\/wp\/v2\/types\/page"}],"author":[{"embeddable":true,"href":"https:\/\/www.medikayl.lu\/de\/wp-json\/wp\/v2\/users\/2"}],"replies":[{"embeddable":true,"href":"https:\/\/www.medikayl.lu\/de\/wp-json\/wp\/v2\/comments?post=3567"}],"version-history":[{"count":17,"href":"https:\/\/www.medikayl.lu\/de\/wp-json\/wp\/v2\/pages\/3567\/revisions"}],"predecessor-version":[{"id":3821,"href":"https:\/\/www.medikayl.lu\/de\/wp-json\/wp\/v2\/pages\/3567\/revisions\/3821"}],"wp:attachment":[{"href":"https:\/\/www.medikayl.lu\/de\/wp-json\/wp\/v2\/media?parent=3567"}],"curies":[{"name":"wp","href":"https:\/\/api.w.org\/{rel}","templated":true}]}}